{"id":246,"date":"2016-12-20T06:01:38","date_gmt":"2016-12-20T06:01:38","guid":{"rendered":"https:\/\/tiyana.net\/?page_id=246\/"},"modified":"2024-11-05T06:52:12","modified_gmt":"2024-11-05T05:52:12","slug":"portugal","status":"publish","type":"page","link":"https:\/\/tiyana.net\/fr\/portugal\/","title":{"rendered":"Portugal"},"content":{"rendered":"<p><section  class=\"fw-main-row \" style=\"background-color:#ededed;\" >\n\t<div class=\"fw-container-fluid no-padding\">\n\t\t<div class=\"fw-row\">\n\t<div class=\"fw-col-xs-12\" style=\"\">\n\t<h3 class='fw-special-title base tac ' style=''>\n\t<span>Praia da ursa<\/span>\n\t<\/h3><\/div>\n<\/div>\n\n<div class=\"fw-row\">\n\t<div class=\"fw-col-xs-12\" style=\"\">\n\t\n<p style=\"text-align: center;\"><em>Juin\u00a02012<\/em><\/p><h5 style=\"text-align: center;\"><span style=\"font-family: arial, helvetica, sans-serif;\">Cette belle plage sous la falaise est l'extr\u00e9mit\u00e9 la plus \u00e0 l'ouest\u00a0de l'Eurasie.. \u00catre l\u00e0 est ... quelque chose \u00e0 retenir. Le nom de la plage - Ursa est traduit comme l'ourse. C'est un endroit mystique isol\u00e9. Sa virginit\u00e9 est sauv\u00e9 avec une rigide structure de sol dangereuse qui nous emp\u00eache de se rapprocher d'elle. Oui, son nom a tout son sens.<\/span><\/h5>\n<\/div>\n<\/div>\n\n<div class=\"fw-row\">\n\t<div class=\"fw-col-xs-12\" style=\"\">\n\t<img decoding=\"async\" src=\"\/\/tiyana.net\/wp-content\/uploads\/2016\/12\/Ursa-beach.jpg\" alt=\"Ursa beach Portugal\" \/><\/div>\n<\/div>\n\n<div class=\"fw-row\">\n\t<div class=\"fw-col-xs-12\" style=\"\">\n\t\n<p style=\"text-align: center;\"><span style=\"font-family: arial, helvetica, sans-serif;\">J'ai visit\u00e9 Lisbonne, le Juin 2012 pour participer\u00a0\u00e0\u00a0l'exposition dans la galerie Colorida et vous avez\u00a0le catalogue\u00a0<a href=\"http:\/\/www.colorida.biz\/TijanaDjindjic\/\">ici<\/a>\u00a0sur le lien.<\/span><\/p><p style=\"text-align: center;\"><span style=\"font-family: arial, helvetica, sans-serif;\"><a href=\"http:\/\/www.colorida.pt\/\">Colorida<\/a>\u00a0galerie d'art\u00a0est fond\u00e9e en 2007, <\/span><span style=\"font-family: arial, helvetica, sans-serif;\">Adresse: Costa do Castelo 63 1100-335, Lisbonne<\/span><br \/><span style=\"font-family: arial, helvetica, sans-serif;\">Ici on peut\u00a0voir des photos et mon impression g\u00e9n\u00e9rale de ce lieu magique.<\/span><\/p>\n<\/div>\n<\/div>\n\n<div class=\"fw-row\">\n\t<div class=\"fw-col-xs-12\" style=\"\">\n\t\r\n<!-- Photo carousel -->\r\n<div class=\"ig-carousel ig-carousel8\">\r\n\t\t<div class=\"item\" style=\"background-image: url(\/\/tiyana.net\/wp-content\/uploads\/2016\/12\/027-Portugal.jpg);\"><a href=\"\"><\/a><\/div>\r\n\t\t<div class=\"item\" style=\"background-image: url(\/\/tiyana.net\/wp-content\/uploads\/2016\/12\/070-Portugal.jpg);\"><a href=\"\"><\/a><\/div>\r\n\t\t<div class=\"item\" style=\"background-image: url(\/\/tiyana.net\/wp-content\/uploads\/2016\/12\/019-Portugal.jpg);\"><a href=\"\"><\/a><\/div>\r\n\t\t<div class=\"item\" style=\"background-image: url(\/\/tiyana.net\/wp-content\/uploads\/2016\/12\/065-Portugal.jpg);\"><a href=\"\"><\/a><\/div>\r\n\t\t<div class=\"item\" style=\"background-image: url(\/\/tiyana.net\/wp-content\/uploads\/2016\/12\/017-Portugal.jpg);\"><a href=\"\"><\/a><\/div>\r\n\t\t<div class=\"item\" style=\"background-image: url(\/\/tiyana.net\/wp-content\/uploads\/2016\/12\/066-Portugal.jpg);\"><a href=\"\"><\/a><\/div>\r\n\t\t<div class=\"item\" style=\"background-image: url(\/\/tiyana.net\/wp-content\/uploads\/2016\/12\/001-Portugal.jpg);\"><a href=\"\"><\/a><\/div>\r\n\t\t<div class=\"item\" style=\"background-image: url(\/\/tiyana.net\/wp-content\/uploads\/2016\/12\/015-Portugal.jpg);\"><a href=\"\"><\/a><\/div>\r\n\t\t<div class=\"item\" style=\"background-image: url(\/\/tiyana.net\/wp-content\/uploads\/2016\/12\/002-Portugal.jpg);\"><a href=\"\"><\/a><\/div>\r\n\t<\/div>\r\n<!-- END Photo carousel -->\r\n<\/div>\n<\/div>\n\n\t<\/div>\n<\/section>\n<section  class=\"fw-main-row \" style=\"background-color:#ededed;\" >\n\t<div class=\"fw-container-fluid no-padding\">\n\t\t<div class=\"fw-row\">\n\t<div class=\"fw-col-xs-12\" style=\"\">\n\t\n<p style=\"text-align: center;\">Ici on\u00a0peut\u00a0voir des photos de Lisbonne, Belem, Cascais, Sintra, Cabo Roca, Boca do Inferno, Ursa plage, Obidos, Lagoa de Obidos, Lagoa de Albufeira...<\/p>\n<\/div>\n<\/div>\n\n<div class=\"fw-row\">\n\t<div class=\"fw-col-xs-12\" style=\"\">\n\t<h3 class='fw-special-title base tac ' style=''>\n\t<span>Moments \u00e0 couper le souffle<\/span>\n\t<\/h3><\/div>\n<\/div>\n\n<div class=\"fw-row\">\n\t<div class=\"fw-col-xs-12\" style=\"\">\n\t\n<h5 style=\"text-align: center;\"><span style=\"font-family: arial, helvetica, sans-serif;\">J'avais besoin de placer cette image ici sinon, les amis ne me croiraient pas qu'on a grimp\u00e9 sur cette falaise rocheuse.<\/span><br \/><span style=\"font-family: arial, helvetica, sans-serif;\">C'\u00e9tait une aventure \u00e9tonnante avec Miguel, Gianna et Marko et j'ai ador\u00e9 chaque seconde.<\/span><\/h5>\n<\/div>\n<\/div>\n\n<div class=\"fw-row\">\n\t<div class=\"fw-col-xs-12\" style=\"\">\n\t<img decoding=\"async\" src=\"\/\/tiyana.net\/wp-content\/uploads\/2016\/12\/Ursa-beach-Miguel.jpg\" alt=\"Ursa beach climbing\" \/><\/div>\n<\/div>\n\n\t<\/div>\n<\/section>\n<section  class=\"fw-main-row \" style=\"background-color:#ededed;\" >\n\t<div class=\"fw-container-fluid no-padding\">\n\t\t<div class=\"fw-row\">\n\t<div class=\"fw-col-xs-12\" style=\"\">\n\t<h3 class='fw-special-title base tac ' style=''>\n\t<span>Au bout du monde<\/span>\n\t<\/h3><\/div>\n<\/div>\n\n<div class=\"fw-row\">\n\t<div class=\"fw-col-xs-12\" style=\"\">\n\t\n<p style=\"text-align: center;\"><span style=\"font-family: arial, helvetica, sans-serif;\">Je crois\u00a0que je vais jamais trouver endroit si magique.<\/span><\/p><p style=\"text-align: center;\"><span style=\"font-family: arial, helvetica, sans-serif;\">Une montagne rocheuse nous s\u00e9pare de la terre d'un c\u00f4t\u00e9. L'oc\u00e9an immense est \u00e0 l'autre c\u00f4t\u00e9, avec ses vagues qui se rapprochent et s'\u00e9loignent. On ne peut pas aider \u00e0 se demander ce qui est l\u00e0-bas. La vue a certainement oblig\u00e9 Columbus \u00e0 voir ce qu'il y a au-del\u00e0 du bord.<\/span><\/p>\n<\/div>\n<\/div>\n\n<div class=\"fw-row\">\n\t<div class=\"fw-col-xs-12\" style=\"\">\n\t<img decoding=\"async\" src=\"\/\/tiyana.net\/wp-content\/uploads\/2016\/12\/Ursa-Beach-1.jpg\" alt=\"Sunlight through rocks in Ursa beach\" \/><\/div>\n<\/div>\n\n<div class=\"fw-row\">\n\t<div class=\"fw-col-xs-12\" style=\"\">\n\t<img decoding=\"async\" src=\"\/\/tiyana.net\/wp-content\/uploads\/2016\/12\/Ursa-Beach-2.jpg\" alt=\"Ursa beach\" \/><\/div>\n<\/div>\n\n<div class=\"fw-row\">\n\t<div class=\"fw-col-xs-12\" style=\"\">\n\t<img decoding=\"async\" src=\"\/\/tiyana.net\/wp-content\/uploads\/2016\/12\/Cabo-do-Roca.jpg\" alt=\"Cabo do Roca view on Ursa Beach\" \/><\/div>\n<\/div>\n\n\t<\/div>\n<\/section>\n<section  class=\"fw-main-row \" style=\"background-color:#ededed;\" >\n\t<div class=\"fw-container-fluid no-padding\">\n\t\t<div class=\"fw-row\">\n\t<div class=\"fw-col-xs-12\" style=\"\">\n\t<h3 class='fw-special-title base tac ' style=''>\n\t<span>Ce que Colomb a vu<\/span>\n\t<\/h3><\/div>\n<\/div>\n\n<div class=\"fw-row\">\n\t<div class=\"fw-col-xs-12\" style=\"\">\n\t<img decoding=\"async\" src=\"\/\/tiyana.net\/wp-content\/uploads\/2016\/12\/Ocean-2.jpg\" alt=\"\/\/tiyana.net\/wp-content\/uploads\/2016\/12\/Ocean-2.jpg\" \/><\/div>\n<\/div>\n\n<div class=\"fw-row\">\n\t<div class=\"fw-col-xs-12\" style=\"\">\n\t<img decoding=\"async\" src=\"\/\/tiyana.net\/wp-content\/uploads\/2016\/12\/Ocean.jpg\" alt=\"Ocean horizon\" \/><\/div>\n<\/div>\n\n\t<\/div>\n<\/section>\n<section  class=\"fw-main-row \"  >\n\t<div class=\"fw-container\">\n\t\t<div class=\"fw-row\">\n\t<div class=\"fw-col-xs-12\" style=\"\">\n\t\n<h5 style=\"text-align: center;\"><span style=\"font-family: arial, helvetica, sans-serif;\">Oui. Maintenant je comprends l'envie de traverser ce bord.<\/span><br \/><span style=\"font-family: arial, helvetica, sans-serif;\">Le photo\u00a0est pris sur le lieu de Cabo da Roca, pr\u00e8s du phare, o\u00f9 les autres\u00a0se sont demand\u00e9s les m\u00eames questions depuis des si\u00e8cles.<\/span><\/h5>\n<\/div>\n<\/div>\n\n<div class=\"fw-row\">\n\t<div class=\"fw-col-xs-12\" style=\"\">\n\t<img decoding=\"async\" src=\"\/\/tiyana.net\/wp-content\/uploads\/2016\/12\/Lighthouse.gif\" alt=\"Lighthouse\" \/><\/div>\n<\/div>\n\n\t<\/div>\n<\/section>\n<section  class=\"fw-main-row \"  >\n\t<div class=\"fw-container\">\n\t\t<div class=\"fw-row\">\n\t<div class=\"fw-col-xs-12\" style=\"\">\n\t\t<div class=\"fw-divider-line\"><hr\/><\/div>\n\n<\/div>\n<\/div>\n\n<div class=\"fw-row\">\n\t<div class=\"fw-col-xs-12\" style=\"\">\n\t\t<div class=\"fw-divider-line\"><hr\/><\/div>\n\n<\/div>\n<\/div>\n\n<div class=\"fw-row\">\n\t<div class=\"fw-col-xs-12 fw-col-sm-3\" style=\"\">\n\t<\/div>\n<div class=\"fw-col-xs-12 fw-col-sm-6\" style=\"\">\n\t<h4 class='fw-special-title base tac ' style=''>\n\t<span>LES GALERIES<\/span>\n\t<\/h4>\t<div class=\"fw-divider-line\"><hr\/><\/div>\n\n<div class=\"button-group button-group-dd01a917c3d1ae1af57c3d2222260f32 filter-button-group\"><button data-filter=\"*\" class=\"active-tab\">Tout<\/button><button data-filter=\".category147\">Photographie de produit<\/button><button data-filter=\".category36\">La publicit\u00e9<\/button><button data-filter=\".category38\">Documentaire<\/button><\/div>\r\n\t\t<div class=\"load-items-dd01a917c3d1ae1af57c3d2222260f32 animation1 none cf-items fw-row grid\"> \r\n\t\t\t\t\t\t\t\t\t\t\t\t\t\t\t\t\t<div class=\"cf-item gallery-item fw-col-xs-12 fw-col-sm-4 fw-col-md-3 category147\">\r\n\t\t\t\t\t<a href=\"https:\/\/tiyana.net\/fr\/project\/dinamika\/\" data-size=\"1440x960\" title=\"Dinamika\">\r\n\t\t\t\t\t\t<div class=\"a-img \" style=\"background-image: url(https:\/\/tiyana.net\/wp-content\/uploads\/2017\/03\/dinamica-detail-1000x667.jpg);\"><\/div>\r\n\t\t\t\t\t\t<div class=\"cont\">\r\n\t\t\t\t\t\t\t\t\t\t\t\t\t\t<div class=\"name\">Dinamika<\/div>\r\n\t\t\t\t\t\t\t\t\t\t\t\t\t<\/div>\r\n\t\t\t\t\t<\/a>\r\n\t\t\t\t\t<a href=\"https:\/\/tiyana.net\/fr\/project\/dinamika\/\" data-size=\"1440x960\" title=\"Dinamika\"><\/a>\r\n\t\t\t\t<\/div>\r\n\t\t\t\t\t\t\t\t\t\t\t\t\t\t\t\t\t\t<div class=\"cf-item gallery-item fw-col-xs-12 fw-col-sm-4 fw-col-md-3 category36\">\r\n\t\t\t\t\t<a href=\"https:\/\/tiyana.net\/fr\/project\/oligodermie-studio-de-beaute\/\" data-size=\"1440x960\" title=\"Oligodermie studio de beaut\u00e9\">\r\n\t\t\t\t\t\t<div class=\"a-img \" style=\"background-image: url(https:\/\/tiyana.net\/wp-content\/uploads\/2017\/03\/Dermapen-Oligodermie-1000x667.jpg);\"><\/div>\r\n\t\t\t\t\t\t<div class=\"cont\">\r\n\t\t\t\t\t\t\t\t\t\t\t\t\t\t<div class=\"name\">Oligodermie studio de beaut\u00e9<\/div>\r\n\t\t\t\t\t\t\t\t\t\t\t\t\t<\/div>\r\n\t\t\t\t\t<\/a>\r\n\t\t\t\t\t<a href=\"https:\/\/tiyana.net\/fr\/project\/oligodermie-studio-de-beaute\/\" data-size=\"1440x960\" title=\"Oligodermie studio de beaut\u00e9\"><\/a>\r\n\t\t\t\t<\/div>\r\n\t\t\t\t\t\t\t\t\t\t\t\t\t\t\t\t\t\t<div class=\"cf-item gallery-item fw-col-xs-12 fw-col-sm-4 fw-col-md-3 category38\">\r\n\t\t\t\t\t<a href=\"https:\/\/tiyana.net\/fr\/project\/danse\/\" data-size=\"1200x800\" title=\"Danse\">\r\n\t\t\t\t\t\t<div class=\"a-img \" style=\"background-image: url(https:\/\/tiyana.net\/wp-content\/uploads\/2017\/04\/Dance-2-1000x667.jpg);\"><\/div>\r\n\t\t\t\t\t\t<div class=\"cont\">\r\n\t\t\t\t\t\t\t\t\t\t\t\t\t\t<div class=\"name\">Danse<\/div>\r\n\t\t\t\t\t\t\t\t\t\t\t\t\t<\/div>\r\n\t\t\t\t\t<\/a>\r\n\t\t\t\t\t<a href=\"https:\/\/tiyana.net\/fr\/project\/danse\/\" data-size=\"1200x800\" title=\"Danse\"><\/a>\r\n\t\t\t\t<\/div>\r\n\t\t\t\t\t\t\t\t\t\t\t\t\t\t\t\t\t\t<div class=\"cf-item gallery-item fw-col-xs-12 fw-col-sm-4 fw-col-md-3 category36\">\r\n\t\t\t\t\t<a href=\"https:\/\/tiyana.net\/fr\/project\/swing-the-beat\/\" data-size=\"1170x783\" title=\"Swing the Beat\">\r\n\t\t\t\t\t\t<div class=\"a-img \" style=\"background-image: url(https:\/\/tiyana.net\/wp-content\/uploads\/2017\/05\/SwingTheBeat-7-1000x669.jpg);\"><\/div>\r\n\t\t\t\t\t\t<div class=\"cont\">\r\n\t\t\t\t\t\t\t\t\t\t\t\t\t\t<div class=\"name\">Swing the Beat<\/div>\r\n\t\t\t\t\t\t\t\t\t\t\t\t\t<\/div>\r\n\t\t\t\t\t<\/a>\r\n\t\t\t\t\t<a href=\"https:\/\/tiyana.net\/fr\/project\/swing-the-beat\/\" data-size=\"1170x783\" title=\"Swing the Beat\"><\/a>\r\n\t\t\t\t<\/div>\r\n\t\t\t\t\t\t\t\t<\/div>\r\n\t\r\n\t\t \r\n\r\n\r\n\t<div class=\"fw-divider-line\"><hr\/><\/div>\n\n<\/div>\n<div class=\"fw-col-xs-12 fw-col-sm-3\" style=\"\">\n\t<\/div>\n<\/div>\n\n\t<\/div>\n<\/section>\n<\/p>\n","protected":false},"excerpt":{"rendered":"<p>Praia da ursa Juin\u00a02012Cette belle plage sous la falaise est l&rsquo;extr\u00e9mit\u00e9 la plus \u00e0 l&rsquo;ouest\u00a0de l&rsquo;Eurasie.. \u00catre l\u00e0 est &#8230; quelque chose \u00e0 retenir. Le nom de la plage &#8211; Ursa est traduit comme l&rsquo;ourse. C&rsquo;est un endroit mystique isol\u00e9. Sa virginit\u00e9 est sauv\u00e9 avec une rigide structure de sol dangereuse qui nous emp\u00eache de [&hellip;]<\/p>\n","protected":false},"author":2,"featured_media":738,"parent":0,"menu_order":0,"comment_status":"open","ping_status":"closed","template":"","meta":{"_acf_changed":false,"advgb_blocks_editor_width":"","advgb_blocks_columns_visual_guide":"","footnotes":""},"class_list":["post-246","page","type-page","status-publish","has-post-thumbnail","hentry"],"acf":[],"yoast_head":"<!-- This site is optimized with the Yoast SEO plugin v27.5 - https:\/\/yoast.com\/product\/yoast-seo-wordpress\/ -->\n<title>Portugal - La photographe professionnel Belgrade, Serbia<\/title>\n<meta name=\"robots\" content=\"index, follow, max-snippet:-1, max-image-preview:large, max-video-preview:-1\" \/>\n<link rel=\"canonical\" href=\"https:\/\/tiyana.net\/fr\/portugal\/\" \/>\n<meta property=\"og:locale\" content=\"fr_FR\" \/>\n<meta property=\"og:type\" content=\"article\" \/>\n<meta property=\"og:title\" content=\"Portugal - La photographe professionnel Belgrade, Serbia\" \/>\n<meta property=\"og:description\" content=\"Praia da ursa Juin\u00a02012Cette belle plage sous la falaise est l&#039;extr\u00e9mit\u00e9 la plus \u00e0 l&#039;ouest\u00a0de l&#039;Eurasie.. \u00catre l\u00e0 est ... quelque chose \u00e0 retenir. Le nom de la plage - Ursa est traduit comme l&#039;ourse. C&#039;est un endroit mystique isol\u00e9. Sa virginit\u00e9 est sauv\u00e9 avec une rigide structure de sol dangereuse qui nous emp\u00eache de [&hellip;]\" \/>\n<meta property=\"og:url\" content=\"https:\/\/tiyana.net\/fr\/portugal\/\" \/>\n<meta property=\"og:site_name\" content=\"La photographe professionnel Belgrade, Serbia\" \/>\n<meta property=\"article:modified_time\" content=\"2024-11-05T05:52:12+00:00\" \/>\n<meta property=\"og:image\" content=\"https:\/\/tiyana.net\/wp-content\/uploads\/2016\/12\/009-Portugal.jpg\" \/>\n\t<meta property=\"og:image:width\" content=\"736\" \/>\n\t<meta property=\"og:image:height\" content=\"409\" \/>\n\t<meta property=\"og:image:type\" content=\"image\/jpeg\" \/>\n<meta name=\"twitter:card\" content=\"summary_large_image\" \/>\n<meta name=\"twitter:label1\" content=\"Dur\u00e9e de lecture estim\u00e9e\" \/>\n\t<meta name=\"twitter:data1\" content=\"4 minutes\" \/>\n<script type=\"application\/ld+json\" class=\"yoast-schema-graph\">{\"@context\":\"https:\\\/\\\/schema.org\",\"@graph\":[{\"@type\":\"WebPage\",\"@id\":\"https:\\\/\\\/tiyana.net\\\/fr\\\/portugal\\\/\",\"url\":\"https:\\\/\\\/tiyana.net\\\/fr\\\/portugal\\\/\",\"name\":\"Portugal - La photographe professionnel Belgrade, Serbia\",\"isPartOf\":{\"@id\":\"https:\\\/\\\/tiyana.net\\\/fr\\\/#website\"},\"primaryImageOfPage\":{\"@id\":\"https:\\\/\\\/tiyana.net\\\/fr\\\/portugal\\\/#primaryimage\"},\"image\":{\"@id\":\"https:\\\/\\\/tiyana.net\\\/fr\\\/portugal\\\/#primaryimage\"},\"thumbnailUrl\":\"https:\\\/\\\/tiyana.net\\\/wp-content\\\/uploads\\\/2016\\\/12\\\/009-Portugal.jpg\",\"datePublished\":\"2016-12-20T06:01:38+00:00\",\"dateModified\":\"2024-11-05T05:52:12+00:00\",\"breadcrumb\":{\"@id\":\"https:\\\/\\\/tiyana.net\\\/fr\\\/portugal\\\/#breadcrumb\"},\"inLanguage\":\"fr-FR\",\"potentialAction\":[{\"@type\":\"ReadAction\",\"target\":[\"https:\\\/\\\/tiyana.net\\\/fr\\\/portugal\\\/\"]}]},{\"@type\":\"ImageObject\",\"inLanguage\":\"fr-FR\",\"@id\":\"https:\\\/\\\/tiyana.net\\\/fr\\\/portugal\\\/#primaryimage\",\"url\":\"https:\\\/\\\/tiyana.net\\\/wp-content\\\/uploads\\\/2016\\\/12\\\/009-Portugal.jpg\",\"contentUrl\":\"https:\\\/\\\/tiyana.net\\\/wp-content\\\/uploads\\\/2016\\\/12\\\/009-Portugal.jpg\",\"width\":736,\"height\":409,\"caption\":\"Portugal\"},{\"@type\":\"BreadcrumbList\",\"@id\":\"https:\\\/\\\/tiyana.net\\\/fr\\\/portugal\\\/#breadcrumb\",\"itemListElement\":[{\"@type\":\"ListItem\",\"position\":1,\"name\":\"Home\",\"item\":\"https:\\\/\\\/tiyana.net\\\/fr\\\/\"},{\"@type\":\"ListItem\",\"position\":2,\"name\":\"Portugal\"}]},{\"@type\":\"WebSite\",\"@id\":\"https:\\\/\\\/tiyana.net\\\/fr\\\/#website\",\"url\":\"https:\\\/\\\/tiyana.net\\\/fr\\\/\",\"name\":\"La photographe professionnel Belgrade, Serbia\",\"description\":\"Photographe professionnel sp\u00e9cialis\u00e9 dans les portraits, la mode, la photographie commerciale et de produits avec un studio \u00e0 Belgrade\",\"publisher\":{\"@id\":\"https:\\\/\\\/tiyana.net\\\/fr\\\/#organization\"},\"potentialAction\":[{\"@type\":\"SearchAction\",\"target\":{\"@type\":\"EntryPoint\",\"urlTemplate\":\"https:\\\/\\\/tiyana.net\\\/fr\\\/?s={search_term_string}\"},\"query-input\":{\"@type\":\"PropertyValueSpecification\",\"valueRequired\":true,\"valueName\":\"search_term_string\"}}],\"inLanguage\":\"fr-FR\"},{\"@type\":\"Organization\",\"@id\":\"https:\\\/\\\/tiyana.net\\\/fr\\\/#organization\",\"name\":\"La photographe professionnel Belgrade, Serbia\",\"url\":\"https:\\\/\\\/tiyana.net\\\/fr\\\/\",\"logo\":{\"@type\":\"ImageObject\",\"inLanguage\":\"fr-FR\",\"@id\":\"https:\\\/\\\/tiyana.net\\\/fr\\\/#\\\/schema\\\/logo\\\/image\\\/\",\"url\":\"https:\\\/\\\/tiyana.net\\\/wp-content\\\/uploads\\\/2022\\\/07\\\/catenamedialogo.jpg\",\"contentUrl\":\"https:\\\/\\\/tiyana.net\\\/wp-content\\\/uploads\\\/2022\\\/07\\\/catenamedialogo.jpg\",\"width\":525,\"height\":525,\"caption\":\"La photographe professionnel Belgrade, Serbia\"},\"image\":{\"@id\":\"https:\\\/\\\/tiyana.net\\\/fr\\\/#\\\/schema\\\/logo\\\/image\\\/\"}}]}<\/script>\n<!-- \/ Yoast SEO plugin. -->","yoast_head_json":{"title":"Portugal - La photographe professionnel Belgrade, Serbia","robots":{"index":"index","follow":"follow","max-snippet":"max-snippet:-1","max-image-preview":"max-image-preview:large","max-video-preview":"max-video-preview:-1"},"canonical":"https:\/\/tiyana.net\/fr\/portugal\/","og_locale":"fr_FR","og_type":"article","og_title":"Portugal - La photographe professionnel Belgrade, Serbia","og_description":"Praia da ursa Juin\u00a02012Cette belle plage sous la falaise est l'extr\u00e9mit\u00e9 la plus \u00e0 l'ouest\u00a0de l'Eurasie.. \u00catre l\u00e0 est ... quelque chose \u00e0 retenir. Le nom de la plage - Ursa est traduit comme l'ourse. C'est un endroit mystique isol\u00e9. Sa virginit\u00e9 est sauv\u00e9 avec une rigide structure de sol dangereuse qui nous emp\u00eache de [&hellip;]","og_url":"https:\/\/tiyana.net\/fr\/portugal\/","og_site_name":"La photographe professionnel Belgrade, Serbia","article_modified_time":"2024-11-05T05:52:12+00:00","og_image":[{"width":736,"height":409,"url":"https:\/\/tiyana.net\/wp-content\/uploads\/2016\/12\/009-Portugal.jpg","type":"image\/jpeg"}],"twitter_card":"summary_large_image","twitter_misc":{"Dur\u00e9e de lecture estim\u00e9e":"4 minutes"},"schema":{"@context":"https:\/\/schema.org","@graph":[{"@type":"WebPage","@id":"https:\/\/tiyana.net\/fr\/portugal\/","url":"https:\/\/tiyana.net\/fr\/portugal\/","name":"Portugal - La photographe professionnel Belgrade, Serbia","isPartOf":{"@id":"https:\/\/tiyana.net\/fr\/#website"},"primaryImageOfPage":{"@id":"https:\/\/tiyana.net\/fr\/portugal\/#primaryimage"},"image":{"@id":"https:\/\/tiyana.net\/fr\/portugal\/#primaryimage"},"thumbnailUrl":"https:\/\/tiyana.net\/wp-content\/uploads\/2016\/12\/009-Portugal.jpg","datePublished":"2016-12-20T06:01:38+00:00","dateModified":"2024-11-05T05:52:12+00:00","breadcrumb":{"@id":"https:\/\/tiyana.net\/fr\/portugal\/#breadcrumb"},"inLanguage":"fr-FR","potentialAction":[{"@type":"ReadAction","target":["https:\/\/tiyana.net\/fr\/portugal\/"]}]},{"@type":"ImageObject","inLanguage":"fr-FR","@id":"https:\/\/tiyana.net\/fr\/portugal\/#primaryimage","url":"https:\/\/tiyana.net\/wp-content\/uploads\/2016\/12\/009-Portugal.jpg","contentUrl":"https:\/\/tiyana.net\/wp-content\/uploads\/2016\/12\/009-Portugal.jpg","width":736,"height":409,"caption":"Portugal"},{"@type":"BreadcrumbList","@id":"https:\/\/tiyana.net\/fr\/portugal\/#breadcrumb","itemListElement":[{"@type":"ListItem","position":1,"name":"Home","item":"https:\/\/tiyana.net\/fr\/"},{"@type":"ListItem","position":2,"name":"Portugal"}]},{"@type":"WebSite","@id":"https:\/\/tiyana.net\/fr\/#website","url":"https:\/\/tiyana.net\/fr\/","name":"La photographe professionnel Belgrade, Serbia","description":"Photographe professionnel sp\u00e9cialis\u00e9 dans les portraits, la mode, la photographie commerciale et de produits avec un studio \u00e0 Belgrade","publisher":{"@id":"https:\/\/tiyana.net\/fr\/#organization"},"potentialAction":[{"@type":"SearchAction","target":{"@type":"EntryPoint","urlTemplate":"https:\/\/tiyana.net\/fr\/?s={search_term_string}"},"query-input":{"@type":"PropertyValueSpecification","valueRequired":true,"valueName":"search_term_string"}}],"inLanguage":"fr-FR"},{"@type":"Organization","@id":"https:\/\/tiyana.net\/fr\/#organization","name":"La photographe professionnel Belgrade, Serbia","url":"https:\/\/tiyana.net\/fr\/","logo":{"@type":"ImageObject","inLanguage":"fr-FR","@id":"https:\/\/tiyana.net\/fr\/#\/schema\/logo\/image\/","url":"https:\/\/tiyana.net\/wp-content\/uploads\/2022\/07\/catenamedialogo.jpg","contentUrl":"https:\/\/tiyana.net\/wp-content\/uploads\/2022\/07\/catenamedialogo.jpg","width":525,"height":525,"caption":"La photographe professionnel Belgrade, Serbia"},"image":{"@id":"https:\/\/tiyana.net\/fr\/#\/schema\/logo\/image\/"}}]}},"coauthors":[],"author_meta":{"author_link":"https:\/\/tiyana.net\/fr\/author\/tiyana\/","display_name":"Tiyana"},"relative_dates":{"created":"Publi\u00e9 9 ans il y a","modified":"Mis \u00e0 jour 1 an il y a"},"absolute_dates":{"created":"Publi\u00e9 le 20 d\u00e9cembre 2016","modified":"Mise \u00e0 jour le 5 novembre 2024"},"absolute_dates_time":{"created":"Publi\u00e9 le 20 d\u00e9cembre 2016 6h01","modified":"Mise \u00e0 jour le 5 novembre 2024 6h52"},"featured_img_caption":"Portugal","featured_img":"https:\/\/tiyana.net\/wp-content\/uploads\/2016\/12\/009-Portugal.jpg","series_order":"","_links":{"self":[{"href":"https:\/\/tiyana.net\/fr\/wp-json\/wp\/v2\/pages\/246","targetHints":{"allow":["GET"]}}],"collection":[{"href":"https:\/\/tiyana.net\/fr\/wp-json\/wp\/v2\/pages"}],"about":[{"href":"https:\/\/tiyana.net\/fr\/wp-json\/wp\/v2\/types\/page"}],"author":[{"embeddable":true,"href":"https:\/\/tiyana.net\/fr\/wp-json\/wp\/v2\/users\/2"}],"replies":[{"embeddable":true,"href":"https:\/\/tiyana.net\/fr\/wp-json\/wp\/v2\/comments?post=246"}],"version-history":[{"count":0,"href":"https:\/\/tiyana.net\/fr\/wp-json\/wp\/v2\/pages\/246\/revisions"}],"wp:featuredmedia":[{"embeddable":true,"href":"https:\/\/tiyana.net\/fr\/wp-json\/wp\/v2\/media\/738"}],"wp:attachment":[{"href":"https:\/\/tiyana.net\/fr\/wp-json\/wp\/v2\/media?parent=246"}],"curies":[{"name":"wp","href":"https:\/\/api.w.org\/{rel}","templated":true}]}}